{"id":3088,"date":"2017-04-11T15:39:36","date_gmt":"2017-04-11T13:39:36","guid":{"rendered":"http:\/\/www.zona42.it\/wordpress\/?page_id=3088"},"modified":"2022-07-20T16:47:04","modified_gmt":"2022-07-20T14:47:04","slug":"ad-astra-di-antonio-de-bersa","status":"publish","type":"page","link":"https:\/\/www.zona42.it\/wordpress\/ad-astra-di-antonio-de-bersa\/","title":{"rendered":"Ad Astra, di Antonio de&#8217; Bersa"},"content":{"rendered":"<div id=\"pl-3088\"  class=\"panel-layout\" ><div id=\"pg-3088-0\"  class=\"panel-grid panel-no-style\" ><div id=\"pgc-3088-0-0\"  class=\"panel-grid-cell\" ><div id=\"panel-3088-0-0-0\" class=\"so-panel widget widget_black-studio-tinymce widget_black_studio_tinymce panel-first-child panel-last-child\" data-index=\"0\" ><div class=\"textwidget\"><p><a href=\"http:\/\/www.zona42.it\/wordpress\/wp-content\/uploads\/2017\/04\/AdAstra-Cop-600x850.jpg\"><img class=\"alignright wp-image-3073\" src=\"http:\/\/www.zona42.it\/wordpress\/wp-content\/uploads\/2017\/04\/AdAstra-Cop-600x850.jpg\" alt=\"adastra-cop-600x850\" width=\"318\" height=\"450\" \/><\/a><\/p>\n<\/div><\/div><\/div><div id=\"pgc-3088-0-1\"  class=\"panel-grid-cell\" ><div id=\"panel-3088-0-1-0\" class=\"so-panel widget widget_text panel-first-child panel-last-child\" data-index=\"1\" >\t\t\t<div class=\"textwidget\"><h1><strong>AD ASTRA, di Antonio de' Bersa<\/strong><\/h1>\n<p><em>a cura di <strong>Jacopo Berti<\/strong><\/em><br \/>\n<\/br><\/p>\n<p><b>Leggi qualche capitolo in anteprima: <\/b><a href=\"http:\/\/www.zona42.it\/wordpress\/wp-content\/uploads\/2017\/04\/Ad-Astra-Assaggio.pdf\">Ad Astra - Assaggio <\/a><\/p>\n<p><\/br><\/p>\n<p><\/br><\/p>\n<p><\/br><\/p>\n<p><\/br><br \/>\n<b><em>VERSIONE CARTACEA<\/em><\/b><br \/>\n240 pagine, formato 12x17, brossura cucita a filo refe con copertina a quattro ante.<br \/>\nEuro 11,90 - Spedizione gratuita in tutta Italia.<\/p>\n<form action=\"https:\/\/www.paypal.com\/cgi-bin\/webscr\" method=\"post\" target=\"_blank\">\n<input type=\"hidden\" name=\"cmd\" value=\"_s-xclick\"><input type=\"hidden\" name=\"hosted_button_id\" value=\"35ZTV37L68AHG\"><input type=\"image\" src=\"http:\/\/www.zona42.it\/wordpress\/wp-content\/uploads\/2015\/04\/Ordinalo-subito.gif\" border=\"0\" name=\"submit\" alt=\"PayPal\"><img alt=\"\" border=\"0\" src=\"https:\/\/www.paypalobjects.com\/it_IT\/i\/scr\/pixel.gif\" width=\"0\" height=\"0\"><br \/>\n<\/form>\n<\/div>\n\t\t<\/div><\/div><\/div><div id=\"pg-3088-1\"  class=\"panel-grid panel-no-style\" ><div id=\"pgc-3088-1-0\"  class=\"panel-grid-cell panel-grid-cell-empty\" ><\/div><div id=\"pgc-3088-1-1\"  class=\"panel-grid-cell\" ><div id=\"panel-3088-1-1-0\" class=\"so-panel widget widget_black-studio-tinymce widget_black_studio_tinymce panel-first-child panel-last-child\" data-index=\"2\" ><div class=\"textwidget\"><p><a href=\"http:\/\/www.zona42.it\/wordpress\/wp-content\/uploads\/2017\/04\/AdAstra-Ebook-Cop-300x425.jpg\"><img class=\"alignright size-medium wp-image-3076\" src=\"http:\/\/www.zona42.it\/wordpress\/wp-content\/uploads\/2017\/04\/AdAstra-Ebook-Cop-300x425-212x300.jpg\" alt=\"adastra-ebook-cop-300x425\" width=\"212\" height=\"300\" \/><\/a><\/p>\n<\/div><\/div><\/div><div id=\"pgc-3088-1-2\"  class=\"panel-grid-cell panel-grid-cell-mobile-last\" ><div id=\"panel-3088-1-2-0\" class=\"so-panel widget widget_text panel-first-child panel-last-child\" data-index=\"3\" >\t\t\t<div class=\"textwidget\"><h4><strong>Ebook<\/strong><\/h4> <h6>versione epub o mobi, kindle compatibile<\/h6> \n<form action=\"https:\/\/www.paypal.com\/cgi-bin\/webscr\" method=\"post\" target=\"_top\">\n<input type=\"hidden\" name=\"cmd\" value=\"_s-xclick\">\n<input type=\"hidden\" name=\"hosted_button_id\" value=\"EAYRTQ8RV6RNW\">\n<table>\n<tr><td><input type=\"hidden\" name=\"on0\" value=\".\">.<\/td><\/tr><tr><td><select name=\"os0\">\n\t<option value=\"Epub\">Epub \u20ac3,99 EUR<\/option>\n\t<option value=\"Mobi\">Mobi \u20ac3,99 EUR<\/option>\n<\/select> <\/td><\/tr>\n<tr><td><input type=\"hidden\" name=\"on1\" value=\"CODICE FISCALE (obbligatorio)\">CODICE FISCALE (obbligatorio)<\/td><\/tr><tr><td><input type=\"text\" name=\"os1\" maxlength=\"200\"><\/td><\/tr>\n<\/table>\n<input type=\"hidden\" name=\"currency_code\" value=\"EUR\">\n<input alt=\"PayPal\" name=\"submit\" src=\"http:\/\/www.zona42.it\/wordpress\/wp-content\/uploads\/2015\/04\/Ordinalo-subito.gif\" type=\"image\" \/><img src=\"https:\/\/www.paypalobjects.com\/it_IT\/i\/scr\/pixel.gif\" alt=\"\" width=\"0\" height=\"0\" border=\"0\" \/>\n<\/form><\/div>\n\t\t<\/div><\/div><div id=\"pgc-3088-1-3\"  class=\"panel-grid-cell panel-grid-cell-empty\" ><\/div><\/div><div id=\"pg-3088-2\"  class=\"panel-grid panel-no-style\" ><div id=\"pgc-3088-2-0\"  class=\"panel-grid-cell\" ><div id=\"panel-3088-2-0-0\" class=\"so-panel widget widget_text panel-first-child panel-last-child\" data-index=\"4\" >\t\t\t<div class=\"textwidget\"><h5><strong><span style=\"color: #873600;\">IL LIBRO<\/span><\/strong><\/h5>\n<p><em><i>Il sole, non annunziato da crepuscoli, sorgeva sul breve orizzonte lunare come se un filo invisibile lo tirasse su da un baratro di tenebre cieche, e le tenebre cieche convertiva d\u2019un colpo in luce sfacciata, che inondava le pianure lunari come una fiumana di fuoco, e su di esse proiettava le ombre nere, paurose, recise, fantastiche de\u2019 monti e dei vulcani.<\/i><\/em><\/p>\n<p>Sotto l\u2019egida degli Stati Uniti Terrestri e la saggia guida del Collegio degli Arbitri, la Terra del secolo trentesimonono \u00e8 unita e pacificata: la vita di decine di miliardi di persone si svolge lieta e ordinata, mentre la materia dischiude i suoi ultimi segreti alla tenacia degli scienziati che la indagano. Ma la popolazione \u00e8 in vertiginoso aumento e sull\u2019umanit\u00e0 aleggia lo spettro di guerre e carestie.<br \/>\nPer scongiurare la minaccia \u00e8 necessario muoversi in fretta e, dopo millenni di splendido isolamento, volgere gli occhi agli astri per trovare una nuova casa per il genere umano.<br \/>\nDa dove cominciare?<br \/>\nUn eccentrico bibliofilo, l\u2019intraprendente figlia e un prodigioso ingegnere, cercheranno la risposta in un progetto visionario, scartato due millenni prima e riposto nei recessi polverosi di una biblioteca. Saranno in grado le macchine conosciute come \u201cOscillanti\u201d di portare l\u2019umanit\u00e0 sulla Luna e di aprirle le vie del Cosmo?<\/p>\n<p>La brillante e poetica penna di Antonio de\u2019 Bersa ci conduce alla scoperta di un avvenire quanto mai antico, di una fantascienza schiettamente inattuale<br \/>\ne proprio per questo tanto pi\u00f9 sorprendente quando intercetta la nostra contemporaneit\u00e0 tecnologica, sociale, umana: Ad Astra ci richiama alla nostra responsabilit\u00e0 di essere il futuro che qualcuno auspicava, o temeva.<\/p>\n<p><\/br><\/p>\n<h5><strong><span style=\"color: #873600;\">L'AUTORE<\/span><\/strong><\/h5>\n<p><strong>Antonio de\u2019 Bersa<\/strong>, nobile di Leidenthal, nacque in Dalmazia nel 1827 e trascorse buona parte della sua vita adulta tra Trieste e Monfalcone, all\u2019epoca parte del Litorale austriaco. Laureato in giurisprudenza, fu avvocato e deputato della Dieta dalmata, parlamento provinciale dell\u2019Impero austro-ungarico.<br \/>\nA Trieste, dal 1876 al 1905 (anno della sua morte), fu direttore del quotidiano asburgico L\u2019osservatore Triestino, nonch\u00e9 presidente del collegio dei periti per la tutela dei diritti d\u2019autore in letteratura.<br \/>\nScrisse opere storico-politiche e teatrali; poesie \u2013 <i>\u201cScrivere dei versi \u00e8 una disgrazia che pu\u00f2 toccare ad ogni galantuomo\u201d<\/i> \u2013 e narrativa.<br \/>\nUomo d\u2019ingegno poliedrico e di cultura classicista e positivista, si dilett\u00f2 anche di scienze fisiche e matematiche.<\/p>\n<p><\/br><\/p>\n<h5><strong><span style=\"color: #873600;\">IL CURATORE<\/span><\/strong><\/h5>\n<p><strong>Jacopo Berti<\/strong>, \u00e8 dottorando in italianistica all\u2019Universit\u00e0 di Trieste e si occupa di fantascienza e di interdisciplinarit\u00e0 scienza-letteratura.<br \/>\nInsieme a Cristina Benussi ha curato per Mimesis il volume <i>\u201cNon date retta a me\u201d. Etiche letterarie tra paradigma e paradosso<\/i> (2016).<br \/>\nLavora come operatore sociale in una Onlus, dove insegna italiano ai richiedenti asilo e ai rifugiati.<br \/>\nScrive narrativa e gestisce un blog, <i>Il meme egoista<\/i>.<\/p>\n<div class=\"text_exposed_show\">\n<\/div>\n\t\t<\/div><\/div><\/div><div id=\"pg-3088-3\"  class=\"panel-grid panel-has-style\" ><div style=\"background-color: #f7cd96; \" class=\"panel-row-style panel-row-style-for-3088-3\" ><div id=\"pgc-3088-3-0\"  class=\"panel-grid-cell\" ><div id=\"panel-3088-3-0-0\" class=\"so-panel widget widget_text panel-first-child\" data-index=\"5\" >\t\t\t<div class=\"textwidget\"><h3><span style=\"color: #873600;\"><strong>CONTENUTI SPECIALI:<\/strong><\/span><\/h3><\/div>\n\t\t<\/div><div id=\"panel-3088-3-0-1\" class=\"so-panel widget widget_bns-featured-category bns-featured-category\" data-index=\"6\" ><div class=\"bnsfc-container\">\n\t\t\t\t\t\t<div class=\"post-3424 post type-post status-publish format-standard has-post-thumbnail hentry category-ad-astra category-recensioni post-with-thumbnail post-with-thumbnail-large\">\n\n\t\t\t\t\t\t\t\n\t\t\t\t\t\t\t\t\t\t\t\t\t\t\t<strong><a href=\"https:\/\/www.zona42.it\/wordpress\/ad-astra-recensioni-2\/\" rel=\"bookmark\" title=\"Permanent Link to Ad Astra, recensioni #2\">Ad Astra, recensioni #2<\/a><\/strong>\n\t\t\t\t\t\t\t\n\t\t\t\t\t\t\t<div class=\"post-details\">\n\n\t\t\t\t\t\t\t\t\n\t\t\t\t\t\t\t<\/div>\n\t\t\t\t\t\t\t<!-- .post-details -->\n\n\t\t\t\t\t\t\t\n\t\t\t\t\t\t\t\t<div class=\"bnsfc-content\">\n\n\t\t\t\t\t\t\t\t\t\t\t\t\t\t\t\t\t\t\t\t<a href=\"https:\/\/www.zona42.it\/wordpress\/ad-astra-recensioni-2\/\" rel=\"bookmark\" title=\"Permanent Link to Ad Astra, recensioni #2\"><img width=\"50\" height=\"50\" src=\"https:\/\/www.zona42.it\/wordpress\/wp-content\/uploads\/2017\/04\/AdAstra-900x600-90x90.jpg\" class=\"alignleft wp-post-image\" alt=\"\" loading=\"lazy\" srcset=\"https:\/\/www.zona42.it\/wordpress\/wp-content\/uploads\/2017\/04\/AdAstra-900x600-90x90.jpg 90w, https:\/\/www.zona42.it\/wordpress\/wp-content\/uploads\/2017\/04\/AdAstra-900x600-150x150.jpg 150w, https:\/\/www.zona42.it\/wordpress\/wp-content\/uploads\/2017\/04\/AdAstra-900x600-300x300.jpg 300w, https:\/\/www.zona42.it\/wordpress\/wp-content\/uploads\/2017\/04\/AdAstra-900x600-280x280.jpg 280w, https:\/\/www.zona42.it\/wordpress\/wp-content\/uploads\/2017\/04\/AdAstra-900x600-560x560.jpg 560w\" sizes=\"(max-width: 50px) 100vw, 50px\" \/><\/a>\n\t\t\t\t\t\t\t\t\t\t<p>Adolfo Fattori ha dedicato a Ad Astra\u00a0una notevole recensione su Quaderni d&#8217;altri tempi. Ve\u00a0ne proponiamo [&hellip;]<\/p>\n\n\t\t\t\t\t\t\t\t<\/div><!-- .bnsfc-content -->\n\n\t\t\t\t\t\t\t\n\t\t\t\t\t\t<\/div><!-- .post #post-ID -->\n\n\t\t\t\t\t\t\n\t\t\t\t\t\t<div class=\"post-3337 post type-post status-publish format-standard has-post-thumbnail hentry category-ad-astra category-recensioni post-with-thumbnail post-with-thumbnail-large\">\n\n\t\t\t\t\t\t\t\n\t\t\t\t\t\t\t\t\t\t\t\t\t\t\t<strong><a href=\"https:\/\/www.zona42.it\/wordpress\/ad-astra-recensioni-1\/\" rel=\"bookmark\" title=\"Permanent Link to Ad Astra, recensioni #1\">Ad Astra, recensioni #1<\/a><\/strong>\n\t\t\t\t\t\t\t\n\t\t\t\t\t\t\t<div class=\"post-details\">\n\n\t\t\t\t\t\t\t\t\n\t\t\t\t\t\t\t<\/div>\n\t\t\t\t\t\t\t<!-- .post-details -->\n\n\t\t\t\t\t\t\t\n\t\t\t\t\t\t\t\t<div class=\"bnsfc-content\">\n\n\t\t\t\t\t\t\t\t\t\t\t\t\t\t\t\t\t\t\t\t<a href=\"https:\/\/www.zona42.it\/wordpress\/ad-astra-recensioni-1\/\" rel=\"bookmark\" title=\"Permanent Link to Ad Astra, recensioni #1\"><img width=\"50\" height=\"50\" src=\"https:\/\/www.zona42.it\/wordpress\/wp-content\/uploads\/2017\/04\/AdAstra-900x600-90x90.jpg\" class=\"alignleft wp-post-image\" alt=\"\" loading=\"lazy\" srcset=\"https:\/\/www.zona42.it\/wordpress\/wp-content\/uploads\/2017\/04\/AdAstra-900x600-90x90.jpg 90w, https:\/\/www.zona42.it\/wordpress\/wp-content\/uploads\/2017\/04\/AdAstra-900x600-150x150.jpg 150w, https:\/\/www.zona42.it\/wordpress\/wp-content\/uploads\/2017\/04\/AdAstra-900x600-300x300.jpg 300w, https:\/\/www.zona42.it\/wordpress\/wp-content\/uploads\/2017\/04\/AdAstra-900x600-280x280.jpg 280w, https:\/\/www.zona42.it\/wordpress\/wp-content\/uploads\/2017\/04\/AdAstra-900x600-560x560.jpg 560w\" sizes=\"(max-width: 50px) 100vw, 50px\" \/><\/a>\n\t\t\t\t\t\t\t\t\t\t<p>Ad Astra ha ricevuto qualche tempo fa la prima, positiva recensione. L&#8217;ha scritta Lorenzo Davia [&hellip;]<\/p>\n\n\t\t\t\t\t\t\t\t<\/div><!-- .bnsfc-content -->\n\n\t\t\t\t\t\t\t\n\t\t\t\t\t\t<\/div><!-- .post #post-ID -->\n\n\t\t\t\t\t\t\n\t\t\t\t\t\t<div class=\"post-3125 post type-post status-publish format-standard has-post-thumbnail hentry category-ad-astra post-with-thumbnail post-with-thumbnail-large\">\n\n\t\t\t\t\t\t\t\n\t\t\t\t\t\t\t\t\t\t\t\t\t\t\t<strong><a href=\"https:\/\/www.zona42.it\/wordpress\/quel-debole-raggio-di-fantasia-jacopo-berti-presenta-ad-astra\/\" rel=\"bookmark\" title=\"Permanent Link to Quel debole raggio di fantasia. Jacopo Berti presenta Ad Astra.\">Quel debole raggio di fantasia. Jacopo Berti presenta Ad Astra.<\/a><\/strong>\n\t\t\t\t\t\t\t\n\t\t\t\t\t\t\t<div class=\"post-details\">\n\n\t\t\t\t\t\t\t\t\n\t\t\t\t\t\t\t<\/div>\n\t\t\t\t\t\t\t<!-- .post-details -->\n\n\t\t\t\t\t\t\t\n\t\t\t\t\t\t\t\t<div class=\"bnsfc-content\">\n\n\t\t\t\t\t\t\t\t\t\t\t\t\t\t\t\t\t\t\t\t<a href=\"https:\/\/www.zona42.it\/wordpress\/quel-debole-raggio-di-fantasia-jacopo-berti-presenta-ad-astra\/\" rel=\"bookmark\" title=\"Permanent Link to Quel debole raggio di fantasia. Jacopo Berti presenta Ad Astra.\"><img width=\"50\" height=\"50\" src=\"https:\/\/www.zona42.it\/wordpress\/wp-content\/uploads\/2017\/04\/AdAstra-900x600-90x90.jpg\" class=\"alignleft wp-post-image\" alt=\"\" loading=\"lazy\" srcset=\"https:\/\/www.zona42.it\/wordpress\/wp-content\/uploads\/2017\/04\/AdAstra-900x600-90x90.jpg 90w, https:\/\/www.zona42.it\/wordpress\/wp-content\/uploads\/2017\/04\/AdAstra-900x600-150x150.jpg 150w, https:\/\/www.zona42.it\/wordpress\/wp-content\/uploads\/2017\/04\/AdAstra-900x600-300x300.jpg 300w, https:\/\/www.zona42.it\/wordpress\/wp-content\/uploads\/2017\/04\/AdAstra-900x600-280x280.jpg 280w, https:\/\/www.zona42.it\/wordpress\/wp-content\/uploads\/2017\/04\/AdAstra-900x600-560x560.jpg 560w\" sizes=\"(max-width: 50px) 100vw, 50px\" \/><\/a>\n\t\t\t\t\t\t\t\t\t\t<p>Questa settimana rendiamo finalmente disponibile ai lettori Ad Astra, che inaugura la nostra nuova collana [&hellip;]<\/p>\n\n\t\t\t\t\t\t\t\t<\/div><!-- .bnsfc-content -->\n\n\t\t\t\t\t\t\t\n\t\t\t\t\t\t<\/div><!-- .post #post-ID -->\n\n\t\t\t\t\t\t<\/div><!-- bnsfc-container --><\/div><div id=\"panel-3088-3-0-2\" class=\"so-panel widget widget_hupso_widget panel-last-child\" data-index=\"7\" ><div style=\"padding-bottom:20px; padding-top:10px;\" class=\"hupso-share-buttons\"><!-- Hupso Share Buttons - https:\/\/www.hupso.com\/share\/ --><a class=\"hupso_counters\" href=\"https:\/\/www.hupso.com\/share\/\"><img src=\"https:\/\/static.hupso.com\/share\/buttons\/share-small.png\" style=\"border:0px; padding-top:2px; float:left;\" alt=\"Share Button\"\/><\/a><script type=\"text\/javascript\">var hupso_services_c=new Array(\"facebook_like\",\"facebook_send\",\"pinterest\",\"email\");var hupso_counters_lang = \"en_US\";var hupso_image_folder_url = \"\";var hupso_url_c=\"\";var hupso_title_c=\"\";<\/script><script type=\"text\/javascript\" src=\"https:\/\/static.hupso.com\/share\/js\/counters.js\"><\/script><!-- Hupso Share Buttons --><\/div><\/div><\/div><\/div><\/div><\/div>","protected":false},"excerpt":{"rendered":"<p>AD ASTRA, di Antonio de&#8217; Bersa a cura di Jacopo Berti Leggi qualche capitolo in [&hellip;]<\/p>\n","protected":false},"author":3,"featured_media":0,"parent":0,"menu_order":2,"comment_status":"closed","ping_status":"closed","template":"templates\/template-full-notitle.php","meta":[],"_links":{"self":[{"href":"https:\/\/www.zona42.it\/wordpress\/wp-json\/wp\/v2\/pages\/3088"}],"collection":[{"href":"https:\/\/www.zona42.it\/wordpress\/wp-json\/wp\/v2\/pages"}],"about":[{"href":"https:\/\/www.zona42.it\/wordpress\/wp-json\/wp\/v2\/types\/page"}],"author":[{"embeddable":true,"href":"https:\/\/www.zona42.it\/wordpress\/wp-json\/wp\/v2\/users\/3"}],"replies":[{"embeddable":true,"href":"https:\/\/www.zona42.it\/wordpress\/wp-json\/wp\/v2\/comments?post=3088"}],"version-history":[{"count":22,"href":"https:\/\/www.zona42.it\/wordpress\/wp-json\/wp\/v2\/pages\/3088\/revisions"}],"predecessor-version":[{"id":7035,"href":"https:\/\/www.zona42.it\/wordpress\/wp-json\/wp\/v2\/pages\/3088\/revisions\/7035"}],"wp:attachment":[{"href":"https:\/\/www.zona42.it\/wordpress\/wp-json\/wp\/v2\/media?parent=3088"}],"curies":[{"name":"wp","href":"https:\/\/api.w.org\/{rel}","templated":true}]}}